{"id":6807,"date":"2016-03-08T21:27:16","date_gmt":"2016-03-09T00:27:16","guid":{"rendered":"http:\/\/www.olivosgolf.com.ar\/site\/?page_id=6807"},"modified":"2017-12-21T06:32:23","modified_gmt":"2017-12-21T09:32:23","slug":"cas","status":"publish","type":"page","link":"http:\/\/www.olivosgolf.com.ar\/site\/cas\/","title":{"rendered":"CAS"},"content":{"rendered":"<p><img loading=\"lazy\" class=\" wp-image-1136 aligncenter\" title=\"logo-CAS--2008-color\" src=\"\/site\/wp-content\/uploads\/2015\/10\/logo-CAS-2008-color.jpg\" alt=\"\" width=\"171\" height=\"172\" \/><\/p>\n<div class='clearfix'>\n<div class='half'>\n<p>El \u00a0Olivos Golf Club\u00a0siempre ha tenido como objetivo apoyar las acciones sociales emprendidas <em>desde el Club hacia la Comunidad\u00a0<\/em>que lo rodea. Desde el a\u00f1o 2007\u00a0 form\u00f3 la Comisi\u00f3n de Acci\u00f3n Social (CAS) a fin de acompa\u00f1ar y complementar las acciones que desarrollan las dos entidades que trabajan hace muchos a\u00f1os con las familias de los barrios aleda\u00f1os al club. Apoya as\u00ed los Programas Educativo y de Salud que\u00a0se \u00a0llevan adelante en el Hogar San Jos\u00e9 \u00a0<strong><em><a href=\"\/site\/providencia-asociacion-civil\/\">Providencia Asociaci\u00f3n Civil (PAC)<\/a>\u00a0<\/em><\/strong>y\u00a0complementa las acciones que lleva adelante La Obra Del Caddie Asociaci\u00f3n Civil.<strong><em><a href=\"\/site\/obra-del-caddie-asociacion-civil\/ \">Obra del Caddie Asociaci\u00f3n Civil<\/a><\/em><\/strong><\/p>\n<\/div>\n<div class='half last'>\n<p style=\"text-align: justify;\">Por otra parte, CAS, con el deseo de concretar intervenciones \u00fatiles y positivas en su comunidad. En el a\u00f1o 2008, puso en marcha el Centro de Formaci\u00f3n y\u00a0Capacitaci\u00f3n laboral con la importante colaboraci\u00f3n de la Fundaci\u00f3n Ortiz y Barquin. Este proyecto ofrece un espacio de aprendizaje y capacitaci\u00f3n sociolaboral a fin de que el alumno pueda insertarse o reinsertarse laboralmente, con las condiciones y requerimientos que hoy tiene el mercado laboral. \u00a0<a href=\"\/site\/centro-de-formacion-y-capacitacion-laboral\/ \"><strong><em>Centro de Formaci\u00f3n y Capacitaci\u00f3n laboral\u00a0&#8211; (CAS)<\/em><\/strong><\/a><\/p>\n<\/div>\n<\/div>\n","protected":false},"excerpt":{"rendered":"","protected":false},"author":1241,"featured_media":0,"parent":0,"menu_order":0,"comment_status":"closed","ping_status":"closed","template":"page-full-width.php","meta":[],"_links":{"self":[{"href":"http:\/\/www.olivosgolf.com.ar\/site\/wp-json\/wp\/v2\/pages\/6807"}],"collection":[{"href":"http:\/\/www.olivosgolf.com.ar\/site\/wp-json\/wp\/v2\/pages"}],"about":[{"href":"http:\/\/www.olivosgolf.com.ar\/site\/wp-json\/wp\/v2\/types\/page"}],"author":[{"embeddable":true,"href":"http:\/\/www.olivosgolf.com.ar\/site\/wp-json\/wp\/v2\/users\/1241"}],"replies":[{"embeddable":true,"href":"http:\/\/www.olivosgolf.com.ar\/site\/wp-json\/wp\/v2\/comments?post=6807"}],"version-history":[{"count":2,"href":"http:\/\/www.olivosgolf.com.ar\/site\/wp-json\/wp\/v2\/pages\/6807\/revisions"}],"predecessor-version":[{"id":6835,"href":"http:\/\/www.olivosgolf.com.ar\/site\/wp-json\/wp\/v2\/pages\/6807\/revisions\/6835"}],"wp:attachment":[{"href":"http:\/\/www.olivosgolf.com.ar\/site\/wp-json\/wp\/v2\/media?parent=6807"}],"curies":[{"name":"wp","href":"https:\/\/api.w.org\/{rel}","templated":true}]}}